{"id":12533,"date":"2021-09-12T10:34:18","date_gmt":"2021-09-12T08:34:18","guid":{"rendered":"http:\/\/www.centre-dermatologique.com\/?post_type=thefutur-portfolio&#038;p=12533"},"modified":"2021-10-05T19:27:06","modified_gmt":"2021-10-05T17:27:06","slug":"stimuler-repousse-cheveux","status":"publish","type":"thefutur-portfolio","link":"https:\/\/www.centre-dermatologique.com\/index.php\/traitements-laser-esthetiques\/stimuler-repousse-cheveux\/","title":{"rendered":"Stimuler la repousse des cheveux"},"content":{"rendered":"\n<div class=\"wp-block-thefuturblocks-pin\"><div class=\"wp-block-thefuturblocks-pin__content active-fb-50 pass-fb-50 r-order\" data-anim=\"anim-t\">\n<div class=\"wp-block-thefuturblocks-pin-active\"><div class=\"wp-block-thefuturblocks-pin-active__holder\">\n<h2 class=\"thefutur-mb-0 wp-block-heading\" style=\"margin-top:32px;margin-bottom:0\"><strong><strong><strong><strong><strong><strong>Stimuler la repousse des cheveux&nbsp;<\/strong><\/strong><\/strong>&nbsp;<\/strong>&nbsp;<\/strong><\/strong><\/h2>\n\n\n<div>Sorry, Portfolio Taxonomies block is available only for Futur Portfolio<\/div>\n\n\n<p><\/p>\n\n\n\n<p>Avec l\u2019av\u00e8nement des lasers fractionn\u00e9s non ablatifs (en particulier le Mosa\u00efc de Lutronic\u00ae, qui dispose d\u2019un applicateur sp\u00e9cifique pour le cuir chevelu), il a pu \u00eatre d\u00e9montr\u00e9 que la micro-puncture \u00e9tait devenue plus simple, moins douloureuse notamment qu\u2019avec le \u201cmicro needling\u201d DERMA PEN et encore plus efficace sur la repousse du cheveu, en particulier chez les personnes souffrant d\u2019un cuir chevelu scl\u00e9ros\u00e9 ou peu vascularis\u00e9 (alop\u00e9cie post-m\u00e9nopausique de la femme m\u00e9nopaus\u00e9e).<\/p>\n\n\n\n<p>La douleur est tr\u00e8s faible (bien inf\u00e9rieure \u00e0 celle de la m\u00e9soth\u00e9rapie conventionnelle) et il n\u2019y a pas de saignement.<\/p>\n\n\n\n<p>Le cuir chevelu est ensuite plac\u00e9 sous la lampe LED pendant un temps assez court (une dizaine de minutes).<\/p>\n\n\n\n<p>Puis le patient peut rentrer chez lui sans aucune suite post-op\u00e9ratoire.<\/p>\n\n\n\n<p>Quelques s\u00e9ances (3 \u00e0 6) sont n\u00e9cessaires pour qu\u2019un r\u00e9sultat concret soit obtenu en association avec le minoxidil qui ne doit pas etre abandonn\u00e9<\/p>\n\n\n\n<p>Par la suite, une s\u00e9ance par mois est propos\u00e9e au d\u00e9but, en espa\u00e7ant ensuite cet intervalle.<\/p>\n\n\n\n<p>Dans les chutes transitoires (pelades, alop\u00e9cies r\u00e9actionnelles), il est possible de suspendre le traitement en gardant le b\u00e9n\u00e9fice obtenu. Dans les autres cas (chroniques), il faut r\u00e9p\u00e9ter ces s\u00e9ances de fa\u00e7on plus espac\u00e9e pour maintenir ces r\u00e9sultats de fa\u00e7on d\u00e9finitive.<\/p>\n\n\n\n<div class=\"wp-block-group\"><div class=\"wp-block-group__inner-container is-layout-flow wp-block-group-is-layout-flow\">\n<h5 class=\"wp-block-heading\">Suivez-nous<\/h5>\n\n\n\n<div class=\"wp-block-thefuturblocks-social row-v\" style=\"justify-content:flex-start\" data-hcolor=\"#1f1f1f\"><div class=\"wp-block-thefuturblocks-social__profile\"><a href=\"https:\/\/www.facebook.com\/CLDRCentreLaserDermatologiqueRaphaelois\" target=\"_blank\" rel=\"noopener noreferrer\"><svg aria-hidden=\"true\" role=\"img\" xmlns=\"http:\/\/www.w3.org\/2000\/svg\" width=\"14\" height=\"14\" viewbox=\"0 0 320 512\" class=\"modesticon modesticon-facebook\"><path d=\"M279.14 288l14.22-92.66h-88.91v-60.13c0-25.35 12.42-50.06 52.24-50.06h40.42V6.26S260.43 0 225.36 0c-73.22 0-121.08 44.38-121.08 124.72v70.62H22.89V288h81.39v224h100.17V288z\"><\/path><\/svg><\/a><\/div><div class=\"wp-block-thefuturblocks-social__profile\"><a href=\"https:\/\/www.instagram.com\/cldr83\/\" target=\"_blank\" rel=\"noopener noreferrer\"><svg aria-hidden=\"true\" role=\"img\" xmlns=\"http:\/\/www.w3.org\/2000\/svg\" width=\"14\" height=\"14\" viewbox=\"0 0 24 24\" class=\"modesticon modesticon-instagram\"><path d=\"M12 2.163c3.204 0 3.584.012 4.85.07 3.252.148 4.771 1.691 4.919 4.919.058 1.265.069 1.645.069 4.849 0 3.205-.012 3.584-.069 4.849-.149 3.225-1.664 4.771-4.919 4.919-1.266.058-1.644.07-4.85.07-3.204 0-3.584-.012-4.849-.07-3.26-.149-4.771-1.699-4.919-4.92-.058-1.265-.07-1.644-.07-4.849 0-3.204.013-3.583.07-4.849.149-3.227 1.664-4.771 4.919-4.919 1.266-.057 1.645-.069 4.849-.069zm0-2.163c-3.259 0-3.667.014-4.947.072-4.358.2-6.78 2.618-6.98 6.98-.059 1.281-.073 1.689-.073 4.948 0 3.259.014 3.668.072 4.948.2 4.358 2.618 6.78 6.98 6.98 1.281.058 1.689.072 4.948.072 3.259 0 3.668-.014 4.948-.072 4.354-.2 6.782-2.618 6.979-6.98.059-1.28.073-1.689.073-4.948 0-3.259-.014-3.667-.072-4.947-.196-4.354-2.617-6.78-6.979-6.98-1.281-.059-1.69-.073-4.949-.073zm0 5.838c-3.403 0-6.162 2.759-6.162 6.162s2.759 6.163 6.162 6.163 6.162-2.759 6.162-6.163c0-3.403-2.759-6.162-6.162-6.162zm0 10.162c-2.209 0-4-1.79-4-4 0-2.209 1.791-4 4-4s4 1.791 4 4c0 2.21-1.791 4-4 4zm6.406-11.845c-.796 0-1.441.645-1.441 1.44s.645 1.44 1.441 1.44c.795 0 1.439-.645 1.439-1.44s-.644-1.44-1.439-1.44z\"><\/path><\/svg><\/a><\/div><\/div>\n<\/div><\/div>\n\n\n\n<div class=\"wp-block-thefuturblocks-spacer has-60-height@large has-60-height@medium has-60-height@small\"><\/div>\n\n\n\n<p><\/p>\n<\/div><\/div>\n\n\n\n<div class=\"wp-block-thefuturblocks-pin-passive\">\n<figure class=\"wp-block-gallery columns-1 is-cropped wp-block-gallery-1 is-layout-flex wp-block-gallery-is-layout-flex\"><ul class=\"blocks-gallery-grid\"><li class=\"blocks-gallery-item\"><figure><img decoding=\"async\" width=\"1920\" height=\"1080\" src=\"http:\/\/www.centre-dermatologique.com\/wp-content\/uploads\/2021\/09\/laser-chirurgie-esthetique-beaute-jeunesse-antiride-saintraphael-frejus-brignole-draguignan-injection-botox-acide-hyaluronique-couperose-taches-cheveux-chevelure-repousse-calvitie-pelade_4.png\" alt=\"\" data-id=\"12718\" data-full-url=\"http:\/\/www.centre-dermatologique.com\/wp-content\/uploads\/2021\/09\/laser-chirurgie-esthetique-beaute-jeunesse-antiride-saintraphael-frejus-brignole-draguignan-injection-botox-acide-hyaluronique-couperose-taches-cheveux-chevelure-repousse-calvitie-pelade_4.png\" data-link=\"http:\/\/www.centre-dermatologique.com\/laser-chirurgie-esthetique-beaute-jeunesse-antiride-saintraphael-frejus-brignole-draguignan-injection-botox-acide-hyaluronique-couperose-taches-cheveux-chevelure-repousse-calvitie-pelade_4\/\" class=\"wp-image-12718\" srcset=\"https:\/\/www.centre-dermatologique.com\/wp-content\/uploads\/2021\/09\/laser-chirurgie-esthetique-beaute-jeunesse-antiride-saintraphael-frejus-brignole-draguignan-injection-botox-acide-hyaluronique-couperose-taches-cheveux-chevelure-repousse-calvitie-pelade_4.png 1920w, https:\/\/www.centre-dermatologique.com\/wp-content\/uploads\/2021\/09\/laser-chirurgie-esthetique-beaute-jeunesse-antiride-saintraphael-frejus-brignole-draguignan-injection-botox-acide-hyaluronique-couperose-taches-cheveux-chevelure-repousse-calvitie-pelade_4-300x169.png 300w, https:\/\/www.centre-dermatologique.com\/wp-content\/uploads\/2021\/09\/laser-chirurgie-esthetique-beaute-jeunesse-antiride-saintraphael-frejus-brignole-draguignan-injection-botox-acide-hyaluronique-couperose-taches-cheveux-chevelure-repousse-calvitie-pelade_4-1024x576.png 1024w, https:\/\/www.centre-dermatologique.com\/wp-content\/uploads\/2021\/09\/laser-chirurgie-esthetique-beaute-jeunesse-antiride-saintraphael-frejus-brignole-draguignan-injection-botox-acide-hyaluronique-couperose-taches-cheveux-chevelure-repousse-calvitie-pelade_4-768x432.png 768w, https:\/\/www.centre-dermatologique.com\/wp-content\/uploads\/2021\/09\/laser-chirurgie-esthetique-beaute-jeunesse-antiride-saintraphael-frejus-brignole-draguignan-injection-botox-acide-hyaluronique-couperose-taches-cheveux-chevelure-repousse-calvitie-pelade_4-1536x864.png 1536w, https:\/\/www.centre-dermatologique.com\/wp-content\/uploads\/2021\/09\/laser-chirurgie-esthetique-beaute-jeunesse-antiride-saintraphael-frejus-brignole-draguignan-injection-botox-acide-hyaluronique-couperose-taches-cheveux-chevelure-repousse-calvitie-pelade_4-1200x675.png 1200w\" sizes=\"(max-width: 1980px) calc(100vw + 1.25rem*2 + 0.625rem*2), 1920px\" \/><\/figure><\/li><li class=\"blocks-gallery-item\"><figure><img decoding=\"async\" width=\"1024\" height=\"576\" src=\"http:\/\/www.centre-dermatologique.com\/wp-content\/uploads\/2021\/09\/cheveux-laser-chirurgie-esthetique-beaute-jeunesse-antiride-saintraphael-frejus-brignole-draguignan-injection-botox-acide-hyaluronique-couperose-taches-cheveux-chevelure-repousse-calvitie-pelade-1-1024x576.png\" alt=\"\" data-id=\"12957\" data-full-url=\"http:\/\/www.centre-dermatologique.com\/wp-content\/uploads\/2021\/09\/cheveux-laser-chirurgie-esthetique-beaute-jeunesse-antiride-saintraphael-frejus-brignole-draguignan-injection-botox-acide-hyaluronique-couperose-taches-cheveux-chevelure-repousse-calvitie-pelade-1.png\" data-link=\"http:\/\/www.centre-dermatologique.com\/cheveux-laser-chirurgie-esthetique-beaute-jeunesse-antiride-saintraphael-frejus-brignole-draguignan-injection-botox-acide-hyaluronique-couperose-taches-cheveux-chevelure-repousse-calvitie-pelade-1\/\" class=\"wp-image-12957\" srcset=\"https:\/\/www.centre-dermatologique.com\/wp-content\/uploads\/2021\/09\/cheveux-laser-chirurgie-esthetique-beaute-jeunesse-antiride-saintraphael-frejus-brignole-draguignan-injection-botox-acide-hyaluronique-couperose-taches-cheveux-chevelure-repousse-calvitie-pelade-1-1024x576.png 1024w, https:\/\/www.centre-dermatologique.com\/wp-content\/uploads\/2021\/09\/cheveux-laser-chirurgie-esthetique-beaute-jeunesse-antiride-saintraphael-frejus-brignole-draguignan-injection-botox-acide-hyaluronique-couperose-taches-cheveux-chevelure-repousse-calvitie-pelade-1-300x169.png 300w, https:\/\/www.centre-dermatologique.com\/wp-content\/uploads\/2021\/09\/cheveux-laser-chirurgie-esthetique-beaute-jeunesse-antiride-saintraphael-frejus-brignole-draguignan-injection-botox-acide-hyaluronique-couperose-taches-cheveux-chevelure-repousse-calvitie-pelade-1-768x432.png 768w, https:\/\/www.centre-dermatologique.com\/wp-content\/uploads\/2021\/09\/cheveux-laser-chirurgie-esthetique-beaute-jeunesse-antiride-saintraphael-frejus-brignole-draguignan-injection-botox-acide-hyaluronique-couperose-taches-cheveux-chevelure-repousse-calvitie-pelade-1-1536x864.png 1536w, https:\/\/www.centre-dermatologique.com\/wp-content\/uploads\/2021\/09\/cheveux-laser-chirurgie-esthetique-beaute-jeunesse-antiride-saintraphael-frejus-brignole-draguignan-injection-botox-acide-hyaluronique-couperose-taches-cheveux-chevelure-repousse-calvitie-pelade-1-1200x675.png 1200w, https:\/\/www.centre-dermatologique.com\/wp-content\/uploads\/2021\/09\/cheveux-laser-chirurgie-esthetique-beaute-jeunesse-antiride-saintraphael-frejus-brignole-draguignan-injection-botox-acide-hyaluronique-couperose-taches-cheveux-chevelure-repousse-calvitie-pelade-1.png 1920w\" sizes=\"(max-width: 1084px) calc(100vw - 1.25rem*2 - 0.625rem*2), 1024px\" \/><\/figure><\/li><li class=\"blocks-gallery-item\"><figure><img decoding=\"async\" width=\"1024\" height=\"576\" src=\"http:\/\/www.centre-dermatologique.com\/wp-content\/uploads\/2021\/09\/laser-chirurgie-esthetique-beaute-jeunesse-antiride-saintraphael-frejus-brignole-draguignan-injection-botox-acide-hyaluronique-couperose-taches-cheveux-chevelure-repousse-calvitie-pelade_2-1024x576.png\" alt=\"\" data-id=\"12716\" data-full-url=\"http:\/\/www.centre-dermatologique.com\/wp-content\/uploads\/2021\/09\/laser-chirurgie-esthetique-beaute-jeunesse-antiride-saintraphael-frejus-brignole-draguignan-injection-botox-acide-hyaluronique-couperose-taches-cheveux-chevelure-repousse-calvitie-pelade_2.png\" data-link=\"http:\/\/www.centre-dermatologique.com\/laser-chirurgie-esthetique-beaute-jeunesse-antiride-saintraphael-frejus-brignole-draguignan-injection-botox-acide-hyaluronique-couperose-taches-cheveux-chevelure-repousse-calvitie-pelade_2\/\" class=\"wp-image-12716\" srcset=\"https:\/\/www.centre-dermatologique.com\/wp-content\/uploads\/2021\/09\/laser-chirurgie-esthetique-beaute-jeunesse-antiride-saintraphael-frejus-brignole-draguignan-injection-botox-acide-hyaluronique-couperose-taches-cheveux-chevelure-repousse-calvitie-pelade_2-1024x576.png 1024w, https:\/\/www.centre-dermatologique.com\/wp-content\/uploads\/2021\/09\/laser-chirurgie-esthetique-beaute-jeunesse-antiride-saintraphael-frejus-brignole-draguignan-injection-botox-acide-hyaluronique-couperose-taches-cheveux-chevelure-repousse-calvitie-pelade_2-300x169.png 300w, https:\/\/www.centre-dermatologique.com\/wp-content\/uploads\/2021\/09\/laser-chirurgie-esthetique-beaute-jeunesse-antiride-saintraphael-frejus-brignole-draguignan-injection-botox-acide-hyaluronique-couperose-taches-cheveux-chevelure-repousse-calvitie-pelade_2-768x432.png 768w, https:\/\/www.centre-dermatologique.com\/wp-content\/uploads\/2021\/09\/laser-chirurgie-esthetique-beaute-jeunesse-antiride-saintraphael-frejus-brignole-draguignan-injection-botox-acide-hyaluronique-couperose-taches-cheveux-chevelure-repousse-calvitie-pelade_2-1536x864.png 1536w, https:\/\/www.centre-dermatologique.com\/wp-content\/uploads\/2021\/09\/laser-chirurgie-esthetique-beaute-jeunesse-antiride-saintraphael-frejus-brignole-draguignan-injection-botox-acide-hyaluronique-couperose-taches-cheveux-chevelure-repousse-calvitie-pelade_2-1200x675.png 1200w, https:\/\/www.centre-dermatologique.com\/wp-content\/uploads\/2021\/09\/laser-chirurgie-esthetique-beaute-jeunesse-antiride-saintraphael-frejus-brignole-draguignan-injection-botox-acide-hyaluronique-couperose-taches-cheveux-chevelure-repousse-calvitie-pelade_2.png 1920w\" sizes=\"(max-width: 1084px) calc(100vw - 1.25rem*2 - 0.625rem*2), 1024px\" \/><\/figure><\/li><\/ul><\/figure>\n<\/div>\n<\/div><\/div>\n\n\n\n<div style=\"height:72px\" aria-hidden=\"true\" class=\"wp-block-spacer\"><\/div>\n\n\n<div>Sorry, Post Navigation block is available only for Posts and Futur Portfolio<\/div>\n\n\n<div style=\"height:84px\" aria-hidden=\"true\" class=\"wp-block-spacer\"><\/div>\n","protected":false},"excerpt":{"rendered":"","protected":false},"author":6,"featured_media":12717,"template":"","format":"standard","meta":{"_thefuturmeta_header_display":true,"_thefuturmeta_header_style":"style-one","_thefuturmeta_header_border":false,"_thefuturmeta_header_main_nav":true,"_thefuturmeta_header_main_nav_pos":"right","_thefuturmeta_header_main_nav_light":false,"_thefuturmeta_header_sec_nav_style":"empty","_thefuturmeta_header_sec_nav":true,"_thefuturmeta_header_sec_nav_light":false,"_thefuturmeta_header_sec_logo":false,"_thefuturmeta_header_bg":"light","_thefuturmeta_header_sticky":true,"_thefuturmeta_header_woo_my_acc_display":false,"_thefuturmeta_header_woo_cart_display":false,"_thefuturmeta_header_woo_icon_light":false,"_thefuturmeta_header_sticky_style":"style-one","_thefuturmeta_header_sticky_main_nav":true,"_thefuturmeta_header_sticky_border":true,"_thefuturmeta_header_sticky_main_nav_pos":"right","_thefuturmeta_header_sticky_main_nav_light":false,"_thefuturmeta_header_sticky_sec_nav_style":"empty","_thefuturmeta_header_sticky_sec_nav":true,"_thefuturmeta_header_sticky_sec_nav_light":false,"_thefuturmeta_header_sticky_sec_logo":false,"_thefuturmeta_header_sticky_bg":"light","_thefuturmeta_header_sticky_woo_my_acc_display":false,"_thefuturmeta_header_sticky_woo_cart_display":false,"_thefuturmeta_header_sticky_woo_icon_light":false,"_thefuturmeta_footer_widget":true,"_thefuturmeta_footer_info":true,"_thefuturmeta_footer_fixed":false,"_thefuturmeta_main_cont_padding_top":90,"_thefuturmeta_main_cont_padding_bot":90,"_thefuturmeta_cursor_circle_light":false,"_thefuturmeta_post_title_visibility":true,"_thefuturmeta_post_title_alignment":"ta-l","_thefuturmeta_post_layout":"","_thefuturmeta_post_static_id":0,"_thefuturmeta_post_loader":false,"_thefuturmeta_post_title_color":"#1f1f1f","_thefuturmeta_post_bg_color":"#f7f8f9","_thefuturmeta_portfolio_cat_visibility":true,"_thefuturmeta_portfolio_meta_feat_image":true,"_thefuturmeta_port_feat_video":0,"_thefuturmeta_port_feat_video_url":"","footnotes":""},"thefutur-portfolio-category":[35,36],"thefutur-portfolio-tag":[],"class_list":["post-12533","thefutur-portfolio","type-thefutur-portfolio","status-publish","format-standard","has-post-thumbnail","hentry","thefutur-portfolio-category-traitements","thefutur-portfolio-category-visage"],"_links":{"self":[{"href":"https:\/\/www.centre-dermatologique.com\/index.php\/wp-json\/wp\/v2\/thefutur-portfolio\/12533","targetHints":{"allow":["GET"]}}],"collection":[{"href":"https:\/\/www.centre-dermatologique.com\/index.php\/wp-json\/wp\/v2\/thefutur-portfolio"}],"about":[{"href":"https:\/\/www.centre-dermatologique.com\/index.php\/wp-json\/wp\/v2\/types\/thefutur-portfolio"}],"author":[{"embeddable":true,"href":"https:\/\/www.centre-dermatologique.com\/index.php\/wp-json\/wp\/v2\/users\/6"}],"version-history":[{"count":1,"href":"https:\/\/www.centre-dermatologique.com\/index.php\/wp-json\/wp\/v2\/thefutur-portfolio\/12533\/revisions"}],"predecessor-version":[{"id":13011,"href":"https:\/\/www.centre-dermatologique.com\/index.php\/wp-json\/wp\/v2\/thefutur-portfolio\/12533\/revisions\/13011"}],"wp:featuredmedia":[{"embeddable":true,"href":"https:\/\/www.centre-dermatologique.com\/index.php\/wp-json\/wp\/v2\/media\/12717"}],"wp:attachment":[{"href":"https:\/\/www.centre-dermatologique.com\/index.php\/wp-json\/wp\/v2\/media?parent=12533"}],"wp:term":[{"taxonomy":"thefutur-portfolio-category","embeddable":true,"href":"https:\/\/www.centre-dermatologique.com\/index.php\/wp-json\/wp\/v2\/thefutur-portfolio-category?post=12533"},{"taxonomy":"thefutur-portfolio-tag","embeddable":true,"href":"https:\/\/www.centre-dermatologique.com\/index.php\/wp-json\/wp\/v2\/thefutur-portfolio-tag?post=12533"}],"curies":[{"name":"wp","href":"https:\/\/api.w.org\/{rel}","templated":true}]}}